{"id":41973,"date":"2022-04-06T15:46:57","date_gmt":"2022-04-06T13:46:57","guid":{"rendered":"https:\/\/www.lespialades.com\/rental-pitches-tent-caravan-camper-dordogne\/location-emplacement-pre-equipe-dordogne\/"},"modified":"2022-06-30T09:53:38","modified_gmt":"2022-06-30T07:53:38","slug":"rental-pitch-pre-equipped-dordogne","status":"publish","type":"page","link":"https:\/\/www.lespialades.com\/en\/rental-pitches-tent-caravan-camper-dordogne\/rental-pitch-pre-equipped-dordogne\/","title":{"rendered":"Emplacements pr\u00e9-\u00e9quip\u00e9s en Dordogne"},"content":{"rendered":"<section id=\"ls-section-block_624705a214487\" class=\"ls-section   chapeau fraise has-m-t m-t-6\" >\n        <div class=\"container container--wide\">\n        \n\n<h1 class=\"ls__heading has-text-align-center animated fadeInDown delay-100ms wp-block-heading\">Pre-equipped pitches in the Dordogne<\/h1>\n\n\n\n<p class=\"ls-paragraph has-text-align-center has-color-1-color has-text-color\">Les Pialades campsite offers campers an original formula with a <strong>pre-equipped pitch<\/strong> in the Dordogne. Spend your holidays in your tent or caravan while reducing your camping equipment.<\/p>\n\n\n\n<p class=\"ls-paragraph has-text-align-center has-color-1-color has-text-color\">More space in the car, less equipment to buy, quicker installation on arrival, more comfort\u2026 the advantages are numerous!<\/p>\n\n\n    <\/div>\n<\/section>\n\n<section id=\"ls-section-block_624705f514488\" class=\"ls-section  feuille has-background has-color-4-background-color has-p-t p-t-14 has-p-b p-b-14\" >\n        <div class=\"container container--wide\">\n        \n\n<div class=\"wp-block-columns is-layout-flex wp-container-core-columns-is-layout-9d6595d7 wp-block-columns-is-layout-flex\">\n<div class=\"wp-block-column galerie animated fadeInLeft delay-100ms is-layout-flow wp-block-column-is-layout-flow\">\n<figure class=\"wp-block-image size-full\"><a href=\"https:\/\/www.lespialades.com\/wp-content\/uploads\/2022\/04\/emplacement-pre-equipe-cuisine-ouverte-equipee-camping-les-plaiades.jpg\"><img loading=\"lazy\" decoding=\"async\" width=\"800\" height=\"600\" src=\"https:\/\/www.lespialades.com\/wp-content\/uploads\/2022\/04\/emplacement-pre-equipe-cuisine-ouverte-equipee-camping-les-plaiades.jpg\" alt=\"emplacement pre-equipe dordogne\" class=\"wp-image-1799\" srcset=\"https:\/\/www.lespialades.com\/wp-content\/uploads\/2022\/04\/emplacement-pre-equipe-cuisine-ouverte-equipee-camping-les-plaiades.jpg 800w, https:\/\/www.lespialades.com\/wp-content\/uploads\/2022\/04\/emplacement-pre-equipe-cuisine-ouverte-equipee-camping-les-plaiades-300x225.jpg 300w, https:\/\/www.lespialades.com\/wp-content\/uploads\/2022\/04\/emplacement-pre-equipe-cuisine-ouverte-equipee-camping-les-plaiades-768x576.jpg 768w\" sizes=\"auto, (max-width: 800px) 100vw, 800px\" \/><\/a><\/figure>\n\n\n\n<figure class=\"wp-block-image size-full\"><a href=\"https:\/\/www.lespialades.com\/wp-content\/uploads\/2022\/04\/emplacement-pre-equipe-salon-de-jardin-camping-les-plaiades.jpg\"><img loading=\"lazy\" decoding=\"async\" width=\"842\" height=\"600\" src=\"https:\/\/www.lespialades.com\/wp-content\/uploads\/2022\/04\/emplacement-pre-equipe-salon-de-jardin-camping-les-plaiades.jpg\" alt=\"emplacement avec sanitaires sarlat\" class=\"wp-image-1804\" srcset=\"https:\/\/www.lespialades.com\/wp-content\/uploads\/2022\/04\/emplacement-pre-equipe-salon-de-jardin-camping-les-plaiades.jpg 842w, https:\/\/www.lespialades.com\/wp-content\/uploads\/2022\/04\/emplacement-pre-equipe-salon-de-jardin-camping-les-plaiades-300x214.jpg 300w, https:\/\/www.lespialades.com\/wp-content\/uploads\/2022\/04\/emplacement-pre-equipe-salon-de-jardin-camping-les-plaiades-768x547.jpg 768w\" sizes=\"auto, (max-width: 842px) 100vw, 842px\" \/><\/a><\/figure>\n\n\n\n<figure class=\"wp-block-image size-large\"><a href=\"https:\/\/www.lespialades.com\/wp-content\/uploads\/2022\/04\/emplacement-pre-equipe-tente-et-equipements-camping-les-plaiades-1024x589.jpg\"><img loading=\"lazy\" decoding=\"async\" width=\"1024\" height=\"589\" src=\"https:\/\/www.lespialades.com\/wp-content\/uploads\/2022\/04\/emplacement-pre-equipe-tente-et-equipements-camping-les-plaiades-1024x589.jpg\" alt=\"emplacement equipe dordogne\" class=\"wp-image-1821\" srcset=\"https:\/\/www.lespialades.com\/wp-content\/uploads\/2022\/04\/emplacement-pre-equipe-tente-et-equipements-camping-les-plaiades-1024x589.jpg 1024w, https:\/\/www.lespialades.com\/wp-content\/uploads\/2022\/04\/emplacement-pre-equipe-tente-et-equipements-camping-les-plaiades-300x172.jpg 300w, https:\/\/www.lespialades.com\/wp-content\/uploads\/2022\/04\/emplacement-pre-equipe-tente-et-equipements-camping-les-plaiades-768x441.jpg 768w, https:\/\/www.lespialades.com\/wp-content\/uploads\/2022\/04\/emplacement-pre-equipe-tente-et-equipements-camping-les-plaiades.jpg 1044w\" sizes=\"auto, (max-width: 1024px) 100vw, 1024px\" \/><\/a><\/figure>\n\n\n\n<figure class=\"wp-block-image size-full\"><a href=\"https:\/\/www.lespialades.com\/wp-content\/uploads\/2022\/04\/emplacement-tente-barbecue-camping-les-plaiades.jpg\"><img loading=\"lazy\" decoding=\"async\" width=\"700\" height=\"600\" src=\"https:\/\/www.lespialades.com\/wp-content\/uploads\/2022\/04\/emplacement-tente-barbecue-camping-les-plaiades.jpg\" alt=\"barbecue collectif\" class=\"wp-image-1790\" srcset=\"https:\/\/www.lespialades.com\/wp-content\/uploads\/2022\/04\/emplacement-tente-barbecue-camping-les-plaiades.jpg 700w, https:\/\/www.lespialades.com\/wp-content\/uploads\/2022\/04\/emplacement-tente-barbecue-camping-les-plaiades-300x257.jpg 300w\" sizes=\"auto, (max-width: 700px) 100vw, 700px\" \/><\/a><\/figure>\n<\/div>\n\n\n\n<div class=\"wp-block-column is-vertically-aligned-center is-layout-flow wp-block-column-is-layout-flow\">\n<h2 class=\"ls-heading wp-block-heading\">Camping yes, but travelling light<\/h2>\n\n\n\n<p class=\"ls-paragraph\">You want to <strong><mark style=\"background-color:rgba(0, 0, 0, 0)\" class=\"has-inline-color has-color-1-color\">camp in the Dordogne<\/mark><\/strong> but not everything fits in the car!<\/p>\n\n\n\n<p class=\"ls-paragraph\">With our <strong><mark style=\"background-color:rgba(0, 0, 0, 0)\" class=\"has-inline-color has-color-1-color\">pre-equipped pitch<\/mark><\/strong>, leave the cooler, the stove, the table, the chairs, the parasol\u2026 Forget about the trailer or the roof box!<\/p>\n\n\n\n<p class=\"ls-paragraph\">This new formula offers a <strong><mark style=\"background-color:rgba(0, 0, 0, 0)\" class=\"has-inline-color has-color-1-color\">covered kitchen equipped <\/mark><\/strong>with a Top fridge, a 3-burner gas stove, a work surface and storage shelves. You also have garden furniture (1 table and 6 chairs), a parasol, a jerry can, a basin, a clothes line and a broom.<\/p>\n\n\n\n<p class=\"ls-paragraph\">There is also no need to bring your own barbecue: two outdoor barbecue islands are at your disposal on the site (loan of a grill with a 20\u20ac deposit).<\/p>\n<\/div>\n<\/div>\n\n\n    <\/div>\n<\/section>\n\n<section id=\"ls-section-block_624706501448a\" class=\"ls-section  parallax-texte-droite has-background-image has-parallax has-p-t p-t-15 has-p-b p-b-15\" >\n    <div class=\"ls-section__background-image opacity-100\"><img decoding=\"async\" src=\"https:\/\/www.lespialades.com\/wp-content\/uploads\/2022\/04\/accueil-nature-camping-les-pialades-dordogne.jpg\" alt=\"accueil nature camping les pialades dordogne\"><\/div>    <div class=\"container container--wide\">\n        \n\n<div class=\"wp-block-columns is-layout-flex wp-container-core-columns-is-layout-9d6595d7 wp-block-columns-is-layout-flex\">\n<div class=\"wp-block-column is-vertically-aligned-center is-layout-flow wp-block-column-is-layout-flow\" style=\"flex-basis:60%\"><\/div>\n\n\n\n<div class=\"wp-block-column is-vertically-aligned-center tente animated fadeInRight delay-100ms is-layout-flow wp-block-column-is-layout-flow\" style=\"flex-basis:60%\">\n<h2 class=\"ls__heading has-color-2-color has-text-color wp-block-heading\">Camping yes, but with more comfort<\/h2>\n\n\n\n<p class=\"ls-paragraph has-color-white-color has-text-color\">This new space is located on one of the<strong><mark style=\"background-color:rgba(0, 0, 0, 0)\" class=\"has-inline-color has-color-2-color\"> largest pitches<\/mark><\/strong> of the campsite with a surface of 150 square meters. Shaded, at the edge of the forest, these pitches benefit from the calm and relaxing environment that characterises our campsite in the middle of nature.<\/p>\n\n\n\n<p class=\"ls-paragraph has-color-white-color has-text-color\">The size of the covered kitchen has also been designed to allow you to cook under cover and to leave you plenty of storage space. Another advantage is the padlock to keep your belongings safe.<\/p>\n\n\n\n<a href=\"\/wp-content\/uploads\/2022\/05\/Emplacement_pre-equipe.jpg\" id=\"ls-button-block_62556cbadb73b\" target=\"_blank\" rel=\"noopener\" class=\"ls-button has-background aligncenter\" ><span>See where our pre-equipped pitches are located on the campsite<\/span><\/a>\n<\/div>\n<\/div>\n\n\n    <\/div>\n<\/section>\n\n<section id=\"ls-section-block_6247068f1448b\" class=\"ls-section  has-p-t p-t-14 has-p-b p-b-14\" >\n        <div class=\"container container--wide\">\n        \n\n<div class=\"wp-block-columns is-layout-flex wp-container-core-columns-is-layout-9d6595d7 wp-block-columns-is-layout-flex\">\n<div class=\"wp-block-column is-vertically-aligned-top animated fadeInLeft delay-100ms is-layout-flow wp-block-column-is-layout-flow\">\n<script>\n    window.ctoutvert = {\n\t\tid: 3908, \n\t\tlang: 'en', \n\t\turl: 'https:\/\/bookingpremium.secureholiday.net\/widgets\/'\n    };\n\n    (function (w, d, s, ctv, r, js, fjs) {\n        r=new XMLHttpRequest();r.open('GET',w[ctv].url+'js\/src.json');\n        r.responseType='json';r.json=true;r.send();\n        r.onload=function(){w[ctv].src=r.responseType=='json'?r.response:JSON.parse(r.response);\n        js.src=w[ctv].src[0];fjs.parentNode.insertBefore(js, fjs);}\n        js=d.createElement(s),fjs=d.getElementsByTagName(s)[0];\n        js.id='ctvwidget';js.async=1;\n    }(window, document, 'script', 'ctoutvert'));\n<\/script>\n\n<ctv-product data-product-id=\"106741\"><\/ctv-product>\n<\/div>\n\n\n\n<div class=\"wp-block-column is-vertically-aligned-center arbre is-layout-flow wp-block-column-is-layout-flow\">\n<h2 class=\"ls__heading has-text-align-left wp-block-heading\">A pre-equipped pitch in the Dordogne to meet different needs<\/h2>\n\n\n\n<h3 class=\"ls-heading wp-block-heading\">The solution for new campers<\/h3>\n\n\n\n<p class=\"ls-paragraph\">This year, it&#8217;s decided, you&#8217;re going camping! To avoid having to buy all the equipment at once and to be sure that this style of holiday suits you, start with the essentials: the choice of your tent or caravan, the purchase of mattresses and sleeping bags, the crockery kit\u2026 The rest you will find on our pre-equipped pitch!<\/p>\n\n\n\n<h3 class=\"ls-heading wp-block-heading\">The obvious choice for large families, groups of friends<\/h3>\n\n\n\n<p class=\"ls-paragraph\">You are fully loaded in the car with the children, the dog, the bikes\u2026 To be less loaded, our <strong><mark style=\"background-color:rgba(0, 0, 0, 0)\" class=\"has-inline-color has-color-1-color\">pre-equipped pitch<\/mark><\/strong> allows you to reduce your luggage and avoid the trailer or the roof box.<\/p>\n<\/div>\n<\/div>\n\n\n    <\/div>\n<\/section>\n\n<section id=\"ls-section-block_625575906f1dd\" class=\"ls-section  has-background has-color-4-background-color has-p-t p-t-14 has-p-b p-b-14\" >\n        <div class=\"container container--wide\">\n        \n\n<div class=\"wp-block-columns is-layout-flex wp-container-core-columns-is-layout-9d6595d7 wp-block-columns-is-layout-flex\">\n<div class=\"wp-block-column is-vertically-aligned-center is-layout-flow wp-block-column-is-layout-flow\">\n<h3 class=\"ls-heading wp-block-heading\">Ideal for touring holidays<\/h3>\n\n\n\n<p class=\"ls-paragraph\">You are planning a <strong><mark style=\"background-color:rgba(0, 0, 0, 0)\" class=\"has-inline-color has-color-1-color\">touring holiday<\/mark><\/strong> through the Dordogne. Nothing is more restrictive than having to unpack and repack your car each time. By reducing the amount of equipment you need to carry, travelling becomes easier and more enjoyable.<\/p>\n\n\n\n<h3 class=\"ls-heading wp-block-heading\">The pre-equipped pitch: advantages for all<\/h3>\n\n\n\n<p class=\"ls-paragraph\">If the first argument is to reduce the size of your vehicle, it is not the only advantage. What a joy it is to be able to get settled in more quickly! What a comfort to have a <strong><mark style=\"background-color:rgba(0, 0, 0, 0)\" class=\"has-inline-color has-color-1-color\">refrigerator <\/mark><\/strong>instead of a cooler, to have <strong><mark style=\"background-color:rgba(0, 0, 0, 0)\" class=\"has-inline-color has-color-1-color\">a real space to cook<\/mark><\/strong>, to have sheltered storage, etc\u2026<\/p>\n<\/div>\n\n\n\n<div class=\"wp-block-column image-droite animated fadeInRight delay-100ms is-layout-flow wp-block-column-is-layout-flow\">\n<figure class=\"wp-block-image size-full\"><a href=\"https:\/\/www.lespialades.com\/wp-content\/uploads\/2022\/04\/emplacement-pre-equipe-cuisine-ouverte-rechaud-camping-les-plaiades.jpg\"><img loading=\"lazy\" decoding=\"async\" width=\"840\" height=\"600\" src=\"https:\/\/www.lespialades.com\/wp-content\/uploads\/2022\/04\/emplacement-pre-equipe-cuisine-ouverte-rechaud-camping-les-plaiades.jpg\" alt=\"emplacement camping car sarlat\" class=\"wp-image-1831\" srcset=\"https:\/\/www.lespialades.com\/wp-content\/uploads\/2022\/04\/emplacement-pre-equipe-cuisine-ouverte-rechaud-camping-les-plaiades.jpg 840w, https:\/\/www.lespialades.com\/wp-content\/uploads\/2022\/04\/emplacement-pre-equipe-cuisine-ouverte-rechaud-camping-les-plaiades-300x214.jpg 300w, https:\/\/www.lespialades.com\/wp-content\/uploads\/2022\/04\/emplacement-pre-equipe-cuisine-ouverte-rechaud-camping-les-plaiades-768x549.jpg 768w\" sizes=\"auto, (max-width: 840px) 100vw, 840px\" \/><\/a><\/figure>\n<\/div>\n<\/div>\n\n\n    <\/div>\n<\/section>\n\n<section id=\"ls-section-block_6255715e6f1da\" class=\"ls-section \" >\n        <div class=\"container container--wide\">\n        \n\n<div class=\"wp-block-columns is-layout-flex wp-container-core-columns-is-layout-9d6595d7 wp-block-columns-is-layout-flex\">\n<div class=\"wp-block-column is-vertically-aligned-center galerie animated fadeInLeft delay-100ms is-layout-flow wp-block-column-is-layout-flow\">\n<figure class=\"wp-block-image size-full\"><a href=\"https:\/\/www.lespialades.com\/wp-content\/uploads\/2022\/04\/bloc-sanitaire-espace-bebe-camping-les-pialades-dordogne.jpg\"><img loading=\"lazy\" decoding=\"async\" width=\"821\" height=\"600\" src=\"https:\/\/www.lespialades.com\/wp-content\/uploads\/2022\/04\/bloc-sanitaire-espace-bebe-camping-les-pialades-dordogne.jpg\" alt=\"bloc sanitaire espace b\u00e9b\u00e9 camping dordogne\" class=\"wp-image-1768\" srcset=\"https:\/\/www.lespialades.com\/wp-content\/uploads\/2022\/04\/bloc-sanitaire-espace-bebe-camping-les-pialades-dordogne.jpg 821w, https:\/\/www.lespialades.com\/wp-content\/uploads\/2022\/04\/bloc-sanitaire-espace-bebe-camping-les-pialades-dordogne-300x219.jpg 300w, https:\/\/www.lespialades.com\/wp-content\/uploads\/2022\/04\/bloc-sanitaire-espace-bebe-camping-les-pialades-dordogne-768x561.jpg 768w\" sizes=\"auto, (max-width: 821px) 100vw, 821px\" \/><\/a><\/figure>\n\n\n\n<figure class=\"wp-block-image size-large\"><a href=\"https:\/\/www.lespialades.com\/wp-content\/uploads\/2022\/04\/bloc-sanitaire-neuf-camping-les-pialades-dordogne-1024x428.jpg\"><img loading=\"lazy\" decoding=\"async\" width=\"1024\" height=\"428\" src=\"https:\/\/www.lespialades.com\/wp-content\/uploads\/2022\/04\/bloc-sanitaire-neuf-camping-les-pialades-dordogne-1024x428.jpg\" alt=\"bloc sanitaire camping dordogne\" class=\"wp-image-1763\" srcset=\"https:\/\/www.lespialades.com\/wp-content\/uploads\/2022\/04\/bloc-sanitaire-neuf-camping-les-pialades-dordogne-1024x428.jpg 1024w, https:\/\/www.lespialades.com\/wp-content\/uploads\/2022\/04\/bloc-sanitaire-neuf-camping-les-pialades-dordogne-300x125.jpg 300w, https:\/\/www.lespialades.com\/wp-content\/uploads\/2022\/04\/bloc-sanitaire-neuf-camping-les-pialades-dordogne-768x321.jpg 768w, https:\/\/www.lespialades.com\/wp-content\/uploads\/2022\/04\/bloc-sanitaire-neuf-camping-les-pialades-dordogne.jpg 1437w\" sizes=\"auto, (max-width: 1024px) 100vw, 1024px\" \/><\/a><\/figure>\n\n\n\n<figure class=\"wp-block-image size-full\"><a href=\"https:\/\/www.lespialades.com\/wp-content\/uploads\/2022\/04\/bloc-sanitaire-douches-camping-les-pialades-dordogne.jpg\"><img loading=\"lazy\" decoding=\"async\" width=\"830\" height=\"600\" src=\"https:\/\/www.lespialades.com\/wp-content\/uploads\/2022\/04\/bloc-sanitaire-douches-camping-les-pialades-dordogne.jpg\" alt=\"bloc sanitaire douches\" class=\"wp-image-1783\" srcset=\"https:\/\/www.lespialades.com\/wp-content\/uploads\/2022\/04\/bloc-sanitaire-douches-camping-les-pialades-dordogne.jpg 830w, https:\/\/www.lespialades.com\/wp-content\/uploads\/2022\/04\/bloc-sanitaire-douches-camping-les-pialades-dordogne-300x217.jpg 300w, https:\/\/www.lespialades.com\/wp-content\/uploads\/2022\/04\/bloc-sanitaire-douches-camping-les-pialades-dordogne-768x555.jpg 768w\" sizes=\"auto, (max-width: 830px) 100vw, 830px\" \/><\/a><\/figure>\n\n\n\n<figure class=\"wp-block-image size-full\"><a href=\"https:\/\/www.lespialades.com\/wp-content\/uploads\/2022\/04\/bloc-sanitaire-toilettes-enfant-camping-les-pialades-dordogne.jpg\"><img loading=\"lazy\" decoding=\"async\" width=\"450\" height=\"600\" src=\"https:\/\/www.lespialades.com\/wp-content\/uploads\/2022\/04\/bloc-sanitaire-toilettes-enfant-camping-les-pialades-dordogne.jpg\" alt=\"bloc sanitaire toilettes enfant \" class=\"wp-image-1755\" srcset=\"https:\/\/www.lespialades.com\/wp-content\/uploads\/2022\/04\/bloc-sanitaire-toilettes-enfant-camping-les-pialades-dordogne.jpg 450w, https:\/\/www.lespialades.com\/wp-content\/uploads\/2022\/04\/bloc-sanitaire-toilettes-enfant-camping-les-pialades-dordogne-225x300.jpg 225w\" sizes=\"auto, (max-width: 450px) 100vw, 450px\" \/><\/a><\/figure>\n<\/div>\n\n\n\n<div class=\"wp-block-column is-vertically-aligned-center is-layout-flow wp-block-column-is-layout-flow\">\n<h2 class=\"ls-heading wp-block-heading\">All campsite facilities and services at your disposal<\/h2>\n\n\n\n<h3 class=\"ls-heading wp-block-heading\">A refurbished sanitary block<\/h3>\n\n\n\n<p class=\"ls-paragraph\">When you rent our pre-equipped pitch, you will have access to the campsite&#8217;s newly refurbished sanitary block. There is also a laundry room.<\/p>\n\n\n\n<p class=\"ls-paragraph\">For families with a baby, you can also limit your child&#8217;s bulky luggage as there is a baby area with a <strong><mark style=\"background-color:rgba(0, 0, 0, 0)\" class=\"has-inline-color has-color-1-color\">bathtub and changing table<\/mark><\/strong>. It is also possible to rent a cot and\/or a high chair (subject to availability at the time of booking).<\/p>\n<\/div>\n<\/div>\n\n\n    <\/div>\n<\/section>\n\n<section id=\"ls-section-block_62557bce6f1e0\" class=\"ls-section  parallax-texte-gauche has-background-image has-parallax has-p-t p-t-15 has-p-b p-b-15\" >\n    <div class=\"ls-section__background-image opacity-100\"><img decoding=\"async\" src=\"https:\/\/www.lespialades.com\/wp-content\/uploads\/2022\/04\/piscines-transats-camping-les-pialades.jpg\" alt=\"piscines transats camping les pialades\"><\/div>    <div class=\"container container--wide\">\n        \n\n<div class=\"wp-block-columns is-layout-flex wp-container-core-columns-is-layout-9d6595d7 wp-block-columns-is-layout-flex\">\n<div class=\"wp-block-column is-vertically-aligned-center has-background famille animated fadeInLeft delay-100ms is-layout-flow wp-block-column-is-layout-flow\" style=\"flex-basis:60%\">\n<h3 class=\"ls__heading has-color-2-color has-text-color wp-block-heading\">Everything to make your stay a success<\/h3>\n\n\n\n<p class=\"ls-paragraph has-color-white-color has-text-color\">All season long, our swimming area with <strong><mark style=\"background-color:rgba(0, 0, 0, 0)\" class=\"has-inline-color has-color-2-color\">heated pool and paddling pool<\/mark><\/strong> welcomes you 7 days a week.<\/p>\n\n\n\n<p class=\"ls-paragraph has-color-white-color has-text-color\">Our <strong><mark style=\"background-color:rgba(0, 0, 0, 0)\" class=\"has-inline-color has-color-2-color\">bar-restaurant<\/mark><\/strong>, our <strong><mark style=\"background-color:rgba(0, 0, 0, 0)\" class=\"has-inline-color has-color-2-color\">take-away<\/mark><\/strong> and our <strong><mark style=\"background-color:rgba(0, 0, 0, 0)\" class=\"has-inline-color has-color-2-color\">grocery shop<\/mark><\/strong> with bread sales are also open from April to the end of September.<\/p>\n\n\n\n<p class=\"ls-paragraph has-color-4-color has-text-color\">On site, you can play petanque, ping-pong, volleyball, mini-golf\u2026 A TV lounge, a games room, a library and a games library complete the campsite&#8217;s leisure activities. In July and August, entertainment for children, teenagers and adults is offered.<\/p>\n\n\n\n<p class=\"ls-paragraph has-color-white-color has-text-color\">To stay connected, 4G is available from your pitch. There is a free Wi-Fi zone around the reception.<\/p>\n<\/div>\n\n\n\n<div class=\"wp-block-column is-vertically-aligned-center is-layout-flow wp-block-column-is-layout-flow\" style=\"flex-basis:60%\"><\/div>\n<\/div>\n\n\n    <\/div>\n<\/section>\n\n<section id=\"ls-section-block_624eaee707272\" class=\"ls-section  has-background has-color-1-background-color\" >\n        <div class=\"container \">\n        \n\n<div id=\"ls-heading ls-titre-div-block_6256a0fb2616c\" class=\"ls-titre-div aligncenter h2-like has-text-color has-color-2-color\" >\n    Good to know<\/div>\n\n\n\n<p class=\"ls-paragraph has-text-align-center has-color-white-color has-text-color\">A deposit of \u20ac 150.00 is required on arrival and is returned on departure, less any damage and\/or insufficient cleaning.<\/p>\n\n\n\n<ul class=\"ls-list ls-list-undefined has-color-white-color has-text-color wp-block-list\"><li><mark style=\"background-color:rgba(0, 0, 0, 0)\" class=\"has-inline-color has-color-2-color\"><strong>Only on reservation<\/strong><\/mark> : 2 nights minimum for the periods from 21 May to 09 July and from 27 August to 17 September 2022 &#8211; 5 nights minimum from 09 July to 20 August 2022.<\/li><li><strong><mark style=\"background-color:rgba(0, 0, 0, 0)\" class=\"has-inline-color has-color-2-color\">Arrival and departure times<\/mark><\/strong> : Pitch available from 2pm &#8211; to be vacated by 12pm.<\/li><li><mark style=\"background-color:rgba(0, 0, 0, 0)\" class=\"has-inline-color has-color-2-color\"><strong>Pitch with electricity<\/strong><\/mark> : 10 Amps.<\/li><li><mark style=\"background-color:rgba(0, 0, 0, 0)\" class=\"has-inline-color has-color-2-color\"><strong>Dimensions of the covered kitchen <\/strong><\/mark>: width 1.80 m &#8211; Depth: 1.20 m &#8211; Height: 2.00 m<\/li><li><strong><mark style=\"background-color:rgba(0, 0, 0, 0)\" class=\"has-inline-color has-color-2-color\">Water point <\/mark><\/strong>near the pitch.<\/li><li><strong><mark style=\"background-color:rgba(0, 0, 0, 0)\" class=\"has-inline-color has-color-2-color\">Premium Package rate<\/mark><\/strong> which includes the pre-equipped pitch + 2 persons + electricity + 1 vehicle<\/li><li><strong><mark style=\"background-color:rgba(0, 0, 0, 0)\" class=\"has-inline-color has-color-2-color\">Would you like to experience our new space? <\/mark><\/strong>Reserve your pre-equipped pitch in the Dordogne now!<\/li><\/ul>\n\n\n    <\/div>\n<\/section>\n\n<section id=\"ls-section-block_6269322bc8897\" class=\"ls-section  page-cta-hebergements\" >\n        <div class=\"container container--wide\">\n        \n\n<div id=\"ls-heading ls-titre-div-block_626937a3476fd\" class=\"ls-titre-div aligncenter h2-like has-text-color has-color-1-color\" >\n    Discover our pitches for caravans, tents and motorhomes<\/div>\n\n\n\n<div class=\"wp-block-columns is-layout-flex wp-container-core-columns-is-layout-9d6595d7 wp-block-columns-is-layout-flex\">\n<div class=\"wp-block-column is-layout-flow wp-block-column-is-layout-flow\">\n<div id=\"ls-cta-block_62693237c8898\" class=\"ls-cta\">  \n    \n\n<a href=\"\/en\/rental-pitches-tent-caravan-camper-dordogne\/rental-pitch-caravan-dordogne\/\" target=\"\" rel=\"noopener\" class=\"ls-cta__link\">\n\n\t<div class=\"ls-cta__image test\"><img decoding=\"async\" src=\"https:\/\/www.lespialades.com\/wp-content\/uploads\/2022\/04\/emplacements-camping-les-pialades.jpg\" alt=\"emplacements camping les pialades\"><\/div>\n\t<div class=\"ls-cta__title\">\n\t\tCaravan pitches in Dordogne\t<\/div>\n\n\t\t\n<\/a><\/div><\/div>\n\n\n\n<div class=\"wp-block-column is-layout-flow wp-block-column-is-layout-flow\">\n<div id=\"ls-cta-block_6269323bc8899\" class=\"ls-cta\">  \n    \n\n<a href=\"\/en\/rental-pitches-tent-caravan-camper-dordogne\/rental-pitches-tent-dordogne\/\" target=\"\" rel=\"noopener\" class=\"ls-cta__link\">\n\n\t<div class=\"ls-cta__image test\"><img decoding=\"async\" src=\"https:\/\/www.lespialades.com\/wp-content\/uploads\/2022\/04\/camping-les-pialades-emplacement-tentes-768x283.jpg\" alt=\"camping les pialades emplacement tentes\"><\/div>\n\t<div class=\"ls-cta__title\">\n\t\tTent pitches in Dordogne\t<\/div>\n\n\t\t\n<\/a><\/div><\/div>\n\n\n\n<div class=\"wp-block-column is-layout-flow wp-block-column-is-layout-flow\">\n<div id=\"ls-cta-block_6269323dc889a\" class=\"ls-cta\">  \n    \n\n<a href=\"\/en\/rental-pitches-tent-caravan-camper-dordogne\/rental-pitch-camper-dordogne\/\" target=\"\" rel=\"noopener\" class=\"ls-cta__link\">\n\n\t<div class=\"ls-cta__image test\"><img decoding=\"async\" src=\"https:\/\/www.lespialades.com\/wp-content\/uploads\/2022\/04\/camping-les-pialades-emplacement-camping-cars-768x405.jpg\" alt=\"camping les pialades emplacement camping cars\"><\/div>\n\t<div class=\"ls-cta__title\">\n\t\tCamper pitches in Sarlat\t<\/div>\n\n\t\t\n<\/a><\/div><\/div>\n<\/div>\n\n\n    <\/div>\n<\/section>","protected":false},"excerpt":{"rendered":"","protected":false},"author":1,"featured_media":43714,"parent":41937,"menu_order":0,"comment_status":"closed","ping_status":"closed","template":"","meta":{"_acf_changed":false,"footnotes":""},"sujet":[],"class_list":["post-41973","page","type-page","status-publish","has-post-thumbnail","hentry"],"acf":[],"yoast_head":"<!-- This site is optimized with the Yoast SEO plugin v26.6 - https:\/\/yoast.com\/wordpress\/plugins\/seo\/ -->\n<title>Pre-equipped pitch in the Dordogne: camping without the hassle<\/title>\n<meta name=\"description\" content=\"A pre-equipped pitch in the Dordogne for campers looking to reduce the size of their vehicle or the purchase of equipment\" \/>\n<meta name=\"robots\" content=\"index, follow, max-snippet:-1, max-image-preview:large, max-video-preview:-1\" \/>\n<link rel=\"canonical\" href=\"https:\/\/www.lespialades.com\/en\/rental-pitches-tent-caravan-camper-dordogne\/rental-pitch-pre-equipped-dordogne\/\" \/>\n<meta property=\"og:locale\" content=\"en_US\" \/>\n<meta property=\"og:type\" content=\"article\" \/>\n<meta property=\"og:title\" content=\"Pre-equipped pitch in the Dordogne: camping without the hassle\" \/>\n<meta property=\"og:description\" content=\"A pre-equipped pitch in the Dordogne for campers looking to reduce the size of their vehicle or the purchase of equipment\" \/>\n<meta property=\"og:url\" content=\"https:\/\/www.lespialades.com\/en\/rental-pitches-tent-caravan-camper-dordogne\/rental-pitch-pre-equipped-dordogne\/\" \/>\n<meta property=\"og:site_name\" content=\"Camping Les Pialades\" \/>\n<meta property=\"article:publisher\" content=\"https:\/\/fr-fr.facebook.com\/campinglesPialades\/\" \/>\n<meta property=\"article:modified_time\" content=\"2022-06-30T07:53:38+00:00\" \/>\n<meta property=\"og:image\" content=\"https:\/\/www.lespialades.com\/wp-content\/uploads\/2022\/06\/Emplacement-pre-equipe-camping-Les-Pialades.jpg\" \/>\n\t<meta property=\"og:image:width\" content=\"1900\" \/>\n\t<meta property=\"og:image:height\" content=\"650\" \/>\n\t<meta property=\"og:image:type\" content=\"image\/jpeg\" \/>\n<meta name=\"twitter:card\" content=\"summary_large_image\" \/>\n<meta name=\"twitter:label1\" content=\"Est. reading time\" \/>\n\t<meta name=\"twitter:data1\" content=\"6 minutes\" \/>\n<script type=\"application\/ld+json\" class=\"yoast-schema-graph\">{\"@context\":\"https:\/\/schema.org\",\"@graph\":[{\"@type\":\"WebPage\",\"@id\":\"https:\/\/www.lespialades.com\/en\/rental-pitches-tent-caravan-camper-dordogne\/rental-pitch-pre-equipped-dordogne\/\",\"url\":\"https:\/\/www.lespialades.com\/en\/rental-pitches-tent-caravan-camper-dordogne\/rental-pitch-pre-equipped-dordogne\/\",\"name\":\"Pre-equipped pitch in the Dordogne: camping without the hassle\",\"isPartOf\":{\"@id\":\"https:\/\/www.lespialades.com\/#website\"},\"primaryImageOfPage\":{\"@id\":\"https:\/\/www.lespialades.com\/en\/rental-pitches-tent-caravan-camper-dordogne\/rental-pitch-pre-equipped-dordogne\/#primaryimage\"},\"image\":{\"@id\":\"https:\/\/www.lespialades.com\/en\/rental-pitches-tent-caravan-camper-dordogne\/rental-pitch-pre-equipped-dordogne\/#primaryimage\"},\"thumbnailUrl\":\"https:\/\/www.lespialades.com\/wp-content\/uploads\/2024\/08\/IMG_3827-scaled.jpg\",\"datePublished\":\"2022-04-06T13:46:57+00:00\",\"dateModified\":\"2022-06-30T07:53:38+00:00\",\"description\":\"A pre-equipped pitch in the Dordogne for campers looking to reduce the size of their vehicle or the purchase of equipment\",\"breadcrumb\":{\"@id\":\"https:\/\/www.lespialades.com\/en\/rental-pitches-tent-caravan-camper-dordogne\/rental-pitch-pre-equipped-dordogne\/#breadcrumb\"},\"inLanguage\":\"en-US\",\"potentialAction\":[{\"@type\":\"ReadAction\",\"target\":[\"https:\/\/www.lespialades.com\/en\/rental-pitches-tent-caravan-camper-dordogne\/rental-pitch-pre-equipped-dordogne\/\"]}]},{\"@type\":\"ImageObject\",\"inLanguage\":\"en-US\",\"@id\":\"https:\/\/www.lespialades.com\/en\/rental-pitches-tent-caravan-camper-dordogne\/rental-pitch-pre-equipped-dordogne\/#primaryimage\",\"url\":\"https:\/\/www.lespialades.com\/wp-content\/uploads\/2024\/08\/IMG_3827-scaled.jpg\",\"contentUrl\":\"https:\/\/www.lespialades.com\/wp-content\/uploads\/2024\/08\/IMG_3827-scaled.jpg\",\"width\":2560,\"height\":1920},{\"@type\":\"BreadcrumbList\",\"@id\":\"https:\/\/www.lespialades.com\/en\/rental-pitches-tent-caravan-camper-dordogne\/rental-pitch-pre-equipped-dordogne\/#breadcrumb\",\"itemListElement\":[{\"@type\":\"ListItem\",\"position\":1,\"name\":\"Camping P\u00e9rigord\",\"item\":\"https:\/\/www.lespialades.com\/en\/\"},{\"@type\":\"ListItem\",\"position\":2,\"name\":\"Rent a pitch in Sarlat\",\"item\":\"https:\/\/www.lespialades.com\/en\/rental-pitches-tent-caravan-camper-dordogne\/\"},{\"@type\":\"ListItem\",\"position\":3,\"name\":\"Rent a pre-equipped pitch near Sarlat\"}]},{\"@type\":\"WebSite\",\"@id\":\"https:\/\/www.lespialades.com\/#website\",\"url\":\"https:\/\/www.lespialades.com\/\",\"name\":\"Camping Les Pialades\",\"description\":\"\",\"publisher\":{\"@id\":\"https:\/\/www.lespialades.com\/#organization\"},\"potentialAction\":[{\"@type\":\"SearchAction\",\"target\":{\"@type\":\"EntryPoint\",\"urlTemplate\":\"https:\/\/www.lespialades.com\/?s={search_term_string}\"},\"query-input\":{\"@type\":\"PropertyValueSpecification\",\"valueRequired\":true,\"valueName\":\"search_term_string\"}}],\"inLanguage\":\"en-US\"},{\"@type\":\"Organization\",\"@id\":\"https:\/\/www.lespialades.com\/#organization\",\"name\":\"Camping Les Pialades\",\"url\":\"https:\/\/www.lespialades.com\/\",\"logo\":{\"@type\":\"ImageObject\",\"inLanguage\":\"en-US\",\"@id\":\"https:\/\/www.lespialades.com\/#\/schema\/logo\/image\/\",\"url\":\"https:\/\/www.lespialades.com\/wp-content\/uploads\/2022\/03\/camping-en-dordogne-logo-blanc.png\",\"contentUrl\":\"https:\/\/www.lespialades.com\/wp-content\/uploads\/2022\/03\/camping-en-dordogne-logo-blanc.png\",\"width\":1180,\"height\":569,\"caption\":\"Camping Les Pialades\"},\"image\":{\"@id\":\"https:\/\/www.lespialades.com\/#\/schema\/logo\/image\/\"},\"sameAs\":[\"https:\/\/fr-fr.facebook.com\/campinglesPialades\/\"]}]}<\/script>\n<!-- \/ Yoast SEO plugin. -->","yoast_head_json":{"title":"Pre-equipped pitch in the Dordogne: camping without the hassle","description":"A pre-equipped pitch in the Dordogne for campers looking to reduce the size of their vehicle or the purchase of equipment","robots":{"index":"index","follow":"follow","max-snippet":"max-snippet:-1","max-image-preview":"max-image-preview:large","max-video-preview":"max-video-preview:-1"},"canonical":"https:\/\/www.lespialades.com\/en\/rental-pitches-tent-caravan-camper-dordogne\/rental-pitch-pre-equipped-dordogne\/","og_locale":"en_US","og_type":"article","og_title":"Pre-equipped pitch in the Dordogne: camping without the hassle","og_description":"A pre-equipped pitch in the Dordogne for campers looking to reduce the size of their vehicle or the purchase of equipment","og_url":"https:\/\/www.lespialades.com\/en\/rental-pitches-tent-caravan-camper-dordogne\/rental-pitch-pre-equipped-dordogne\/","og_site_name":"Camping Les Pialades","article_publisher":"https:\/\/fr-fr.facebook.com\/campinglesPialades\/","article_modified_time":"2022-06-30T07:53:38+00:00","og_image":[{"width":1900,"height":650,"url":"https:\/\/www.lespialades.com\/wp-content\/uploads\/2022\/06\/Emplacement-pre-equipe-camping-Les-Pialades.jpg","type":"image\/jpeg"}],"twitter_card":"summary_large_image","twitter_misc":{"Est. reading time":"6 minutes"},"schema":{"@context":"https:\/\/schema.org","@graph":[{"@type":"WebPage","@id":"https:\/\/www.lespialades.com\/en\/rental-pitches-tent-caravan-camper-dordogne\/rental-pitch-pre-equipped-dordogne\/","url":"https:\/\/www.lespialades.com\/en\/rental-pitches-tent-caravan-camper-dordogne\/rental-pitch-pre-equipped-dordogne\/","name":"Pre-equipped pitch in the Dordogne: camping without the hassle","isPartOf":{"@id":"https:\/\/www.lespialades.com\/#website"},"primaryImageOfPage":{"@id":"https:\/\/www.lespialades.com\/en\/rental-pitches-tent-caravan-camper-dordogne\/rental-pitch-pre-equipped-dordogne\/#primaryimage"},"image":{"@id":"https:\/\/www.lespialades.com\/en\/rental-pitches-tent-caravan-camper-dordogne\/rental-pitch-pre-equipped-dordogne\/#primaryimage"},"thumbnailUrl":"https:\/\/www.lespialades.com\/wp-content\/uploads\/2024\/08\/IMG_3827-scaled.jpg","datePublished":"2022-04-06T13:46:57+00:00","dateModified":"2022-06-30T07:53:38+00:00","description":"A pre-equipped pitch in the Dordogne for campers looking to reduce the size of their vehicle or the purchase of equipment","breadcrumb":{"@id":"https:\/\/www.lespialades.com\/en\/rental-pitches-tent-caravan-camper-dordogne\/rental-pitch-pre-equipped-dordogne\/#breadcrumb"},"inLanguage":"en-US","potentialAction":[{"@type":"ReadAction","target":["https:\/\/www.lespialades.com\/en\/rental-pitches-tent-caravan-camper-dordogne\/rental-pitch-pre-equipped-dordogne\/"]}]},{"@type":"ImageObject","inLanguage":"en-US","@id":"https:\/\/www.lespialades.com\/en\/rental-pitches-tent-caravan-camper-dordogne\/rental-pitch-pre-equipped-dordogne\/#primaryimage","url":"https:\/\/www.lespialades.com\/wp-content\/uploads\/2024\/08\/IMG_3827-scaled.jpg","contentUrl":"https:\/\/www.lespialades.com\/wp-content\/uploads\/2024\/08\/IMG_3827-scaled.jpg","width":2560,"height":1920},{"@type":"BreadcrumbList","@id":"https:\/\/www.lespialades.com\/en\/rental-pitches-tent-caravan-camper-dordogne\/rental-pitch-pre-equipped-dordogne\/#breadcrumb","itemListElement":[{"@type":"ListItem","position":1,"name":"Camping P\u00e9rigord","item":"https:\/\/www.lespialades.com\/en\/"},{"@type":"ListItem","position":2,"name":"Rent a pitch in Sarlat","item":"https:\/\/www.lespialades.com\/en\/rental-pitches-tent-caravan-camper-dordogne\/"},{"@type":"ListItem","position":3,"name":"Rent a pre-equipped pitch near Sarlat"}]},{"@type":"WebSite","@id":"https:\/\/www.lespialades.com\/#website","url":"https:\/\/www.lespialades.com\/","name":"Camping Les Pialades","description":"","publisher":{"@id":"https:\/\/www.lespialades.com\/#organization"},"potentialAction":[{"@type":"SearchAction","target":{"@type":"EntryPoint","urlTemplate":"https:\/\/www.lespialades.com\/?s={search_term_string}"},"query-input":{"@type":"PropertyValueSpecification","valueRequired":true,"valueName":"search_term_string"}}],"inLanguage":"en-US"},{"@type":"Organization","@id":"https:\/\/www.lespialades.com\/#organization","name":"Camping Les Pialades","url":"https:\/\/www.lespialades.com\/","logo":{"@type":"ImageObject","inLanguage":"en-US","@id":"https:\/\/www.lespialades.com\/#\/schema\/logo\/image\/","url":"https:\/\/www.lespialades.com\/wp-content\/uploads\/2022\/03\/camping-en-dordogne-logo-blanc.png","contentUrl":"https:\/\/www.lespialades.com\/wp-content\/uploads\/2022\/03\/camping-en-dordogne-logo-blanc.png","width":1180,"height":569,"caption":"Camping Les Pialades"},"image":{"@id":"https:\/\/www.lespialades.com\/#\/schema\/logo\/image\/"},"sameAs":["https:\/\/fr-fr.facebook.com\/campinglesPialades\/"]}]}},"_links":{"self":[{"href":"https:\/\/www.lespialades.com\/en\/wp-json\/wp\/v2\/pages\/41973","targetHints":{"allow":["GET"]}}],"collection":[{"href":"https:\/\/www.lespialades.com\/en\/wp-json\/wp\/v2\/pages"}],"about":[{"href":"https:\/\/www.lespialades.com\/en\/wp-json\/wp\/v2\/types\/page"}],"author":[{"embeddable":true,"href":"https:\/\/www.lespialades.com\/en\/wp-json\/wp\/v2\/users\/1"}],"replies":[{"embeddable":true,"href":"https:\/\/www.lespialades.com\/en\/wp-json\/wp\/v2\/comments?post=41973"}],"version-history":[{"count":8,"href":"https:\/\/www.lespialades.com\/en\/wp-json\/wp\/v2\/pages\/41973\/revisions"}],"predecessor-version":[{"id":42612,"href":"https:\/\/www.lespialades.com\/en\/wp-json\/wp\/v2\/pages\/41973\/revisions\/42612"}],"up":[{"embeddable":true,"href":"https:\/\/www.lespialades.com\/en\/wp-json\/wp\/v2\/pages\/41937"}],"wp:featuredmedia":[{"embeddable":true,"href":"https:\/\/www.lespialades.com\/en\/wp-json\/wp\/v2\/media\/43714"}],"wp:attachment":[{"href":"https:\/\/www.lespialades.com\/en\/wp-json\/wp\/v2\/media?parent=41973"}],"wp:term":[{"taxonomy":"sujet","embeddable":true,"href":"https:\/\/www.lespialades.com\/en\/wp-json\/wp\/v2\/sujet?post=41973"}],"curies":[{"name":"wp","href":"https:\/\/api.w.org\/{rel}","templated":true}]}}